{"id":750,"date":"2023-12-06T11:25:30","date_gmt":"2023-12-06T10:25:30","guid":{"rendered":"https:\/\/tribulossi.cat\/poetas-homenajeados\/concepcion-maluquer-edicion-2023\/"},"modified":"2025-02-26T17:21:18","modified_gmt":"2025-02-26T16:21:18","slug":"concepcion-maluquer-edicion-2023","status":"publish","type":"page","link":"https:\/\/tribulossi.cat\/es\/poetas-homenajeados\/concepcion-maluquer-edicion-2023\/","title":{"rendered":"Concepci\u00f3n Maluquer (Edici\u00f3n 2023)"},"content":{"rendered":"\t\t<div data-elementor-type=\"wp-page\" data-elementor-id=\"750\" class=\"elementor elementor-750 elementor-187\" data-elementor-post-type=\"page\">\n\t\t\t\t<div class=\"elementor-element elementor-element-46274096 e-flex e-con-boxed e-con e-parent\" data-id=\"46274096\" data-element_type=\"container\">\n\t\t\t\t\t<div class=\"e-con-inner\">\n\t\t\t\t<div class=\"elementor-element elementor-element-129c911 elementor-widget elementor-widget-heading\" data-id=\"129c911\" data-element_type=\"widget\" data-widget_type=\"heading.default\">\n\t\t\t\t<div class=\"elementor-widget-container\">\n\t\t\t\t\t<h2 class=\"elementor-heading-title elementor-size-default\">Concepci\u00f3n Gonz\u00e1lez Maluquer, poeta, narradora y novelista, nace en Sal\u00e0s de Pallars, en el Pallars Juss\u00e0, en 1914.<\/h2>\t\t\t\t<\/div>\n\t\t\t\t<\/div>\n\t\t\t\t<div class=\"elementor-element elementor-element-8f3a460 elementor-widget elementor-widget-text-editor\" data-id=\"8f3a460\" data-element_type=\"widget\" data-widget_type=\"text-editor.default\">\n\t\t\t\t<div class=\"elementor-widget-container\">\n\t\t\t\t\t\t\t\t\t<p>Sigue los estudios de magisterio y completa la formaci\u00f3n en la Escuela de Maestros de la Generalidad de Catalu\u00f1a. Pero la situaci\u00f3n pol\u00edtica y familiar la determina a dejar su carrera docente en la d\u00e9cada de 1940, para reanudarla m\u00e1s adelante.<\/p><p>Aunque escribe desde peque\u00f1a, no se da a conocer a finales de los a\u00f1os cincuenta. Ella misma se define de la generaci\u00f3n silenciada de la posguerra. La realidad y circunstancias de la \u00e9poca hac\u00edan muy dif\u00edcil publicar en lengua catalana. En 1957 gana el premio literario Ciutat de Barcelona con el poema largo La cruz de los vientos publicado dos a\u00f1os m\u00e1s tarde. En 1960 sale a relucir el poemario La ciudad y las horas, finalista del Premio Ciutat de Barcelona de 1956.<\/p><p>Otras obras relevantes son las novelas Gent del sur (1964), Gent del nord (1971) o Qu\u00e9 se ha hecho de Pere Cots (1966) y Par\u00e8ntesis (1962). Paralelamente cultiva la narraci\u00f3n breve, con cuentos como Tres \u00e1ngeles por el camino (1959) o Dos casas (1960), con el que obtiene el premio Joan Santamaria.<br>Concepci\u00f3n G. Maluquer es una asidua participante de veladas literarias de aquellos a\u00f1os y se relaciona con escritores como J. V. Foix, Carme Monturiol, Celia Sunyol, Carles Sindreu y, sobre todo, Aurora Bertrana, con quien le une una gran amistad. Tambi\u00e9n participa en muchas actividades relacionadas con la literatura y la cultura en general.<\/p><p>Es una de las autoras m\u00e1s interesantes de la Postguerra catalana y su obra es de gran coherencia con la realidad de su tiempo y del pa\u00eds, pero las circunstancias hist\u00f3ricas de represi\u00f3n de la cultura catalana impiden una mayor proyecci\u00f3n p\u00fablica. Por eso, a pesar de la importancia de su obra po\u00e9tica y narrativa, todav\u00eda hoy parte de ella permanece in\u00e9dita.<\/p><p>Concepci\u00f3n G. Maluquer muere en Barcelona en 2004.<\/p>\t\t\t\t\t\t\t\t<\/div>\n\t\t\t\t<\/div>\n\t\t\t\t<div class=\"elementor-element elementor-element-4ecfb65 elementor-widget elementor-widget-gallery\" data-id=\"4ecfb65\" data-element_type=\"widget\" data-settings=\"{&quot;aspect_ratio&quot;:&quot;1:1&quot;,&quot;lazyload&quot;:&quot;yes&quot;,&quot;gallery_layout&quot;:&quot;grid&quot;,&quot;columns&quot;:4,&quot;columns_tablet&quot;:2,&quot;columns_mobile&quot;:1,&quot;gap&quot;:{&quot;unit&quot;:&quot;px&quot;,&quot;size&quot;:10,&quot;sizes&quot;:[]},&quot;gap_tablet&quot;:{&quot;unit&quot;:&quot;px&quot;,&quot;size&quot;:10,&quot;sizes&quot;:[]},&quot;gap_mobile&quot;:{&quot;unit&quot;:&quot;px&quot;,&quot;size&quot;:10,&quot;sizes&quot;:[]},&quot;link_to&quot;:&quot;file&quot;,&quot;overlay_background&quot;:&quot;yes&quot;,&quot;content_hover_animation&quot;:&quot;fade-in&quot;}\" data-widget_type=\"gallery.default\">\n\t\t\t\t<div class=\"elementor-widget-container\">\n\t\t\t\t\t\t\t<div class=\"elementor-gallery__container\">\n\t\t\t\t\t\t\t<a class=\"e-gallery-item elementor-gallery-item elementor-animated-content\" href=\"https:\/\/tribulossi.cat\/wp-content\/uploads\/2023\/12\/homenatge-03062023-_MGL8486.jpg\" data-elementor-open-lightbox=\"yes\" data-elementor-lightbox-slideshow=\"4ecfb65\" data-elementor-lightbox-title=\"homenatge 03062023-_MGL8486\" data-e-action-hash=\"#elementor-action%3Aaction%3Dlightbox%26settings%3DeyJpZCI6MzI2LCJ1cmwiOiJodHRwczpcL1wvdHJpYnVsb3NzaS5jYXRcL3dwLWNvbnRlbnRcL3VwbG9hZHNcLzIwMjNcLzEyXC9ob21lbmF0Z2UtMDMwNjIwMjMtX01HTDg0ODYuanBnIiwic2xpZGVzaG93IjoiNGVjZmI2NSJ9\">\n\t\t\t\t\t<div class=\"e-gallery-image elementor-gallery-item__image\" data-thumbnail=\"https:\/\/tribulossi.cat\/wp-content\/uploads\/2023\/12\/homenatge-03062023-_MGL8486-300x203.jpg\" data-width=\"300\" data-height=\"203\" aria-label=\"\" role=\"img\" ><\/div>\n\t\t\t\t\t\t\t\t\t\t\t<div class=\"elementor-gallery-item__overlay\"><\/div>\n\t\t\t\t\t\t\t\t\t\t\t\t\t\t<\/a>\n\t\t\t\t\t\t\t<a class=\"e-gallery-item elementor-gallery-item elementor-animated-content\" href=\"https:\/\/tribulossi.cat\/wp-content\/uploads\/2023\/12\/homenatge-03062023-_MGL8444.jpg\" data-elementor-open-lightbox=\"yes\" data-elementor-lightbox-slideshow=\"4ecfb65\" data-elementor-lightbox-title=\"homenatge 03062023-_MGL8444\" data-e-action-hash=\"#elementor-action%3Aaction%3Dlightbox%26settings%3DeyJpZCI6MzIwLCJ1cmwiOiJodHRwczpcL1wvdHJpYnVsb3NzaS5jYXRcL3dwLWNvbnRlbnRcL3VwbG9hZHNcLzIwMjNcLzEyXC9ob21lbmF0Z2UtMDMwNjIwMjMtX01HTDg0NDQuanBnIiwic2xpZGVzaG93IjoiNGVjZmI2NSJ9\">\n\t\t\t\t\t<div class=\"e-gallery-image elementor-gallery-item__image\" data-thumbnail=\"https:\/\/tribulossi.cat\/wp-content\/uploads\/2023\/12\/homenatge-03062023-_MGL8444-300x200.jpg\" data-width=\"300\" data-height=\"200\" aria-label=\"\" role=\"img\" ><\/div>\n\t\t\t\t\t\t\t\t\t\t\t<div class=\"elementor-gallery-item__overlay\"><\/div>\n\t\t\t\t\t\t\t\t\t\t\t\t\t\t<\/a>\n\t\t\t\t\t\t\t<a class=\"e-gallery-item elementor-gallery-item elementor-animated-content\" href=\"https:\/\/tribulossi.cat\/wp-content\/uploads\/2023\/12\/homenatge-03062023-_MGL8428.jpg\" data-elementor-open-lightbox=\"yes\" data-elementor-lightbox-slideshow=\"4ecfb65\" data-elementor-lightbox-title=\"homenatge 03062023-_MGL8428\" data-e-action-hash=\"#elementor-action%3Aaction%3Dlightbox%26settings%3DeyJpZCI6MzE2LCJ1cmwiOiJodHRwczpcL1wvdHJpYnVsb3NzaS5jYXRcL3dwLWNvbnRlbnRcL3VwbG9hZHNcLzIwMjNcLzEyXC9ob21lbmF0Z2UtMDMwNjIwMjMtX01HTDg0MjguanBnIiwic2xpZGVzaG93IjoiNGVjZmI2NSJ9\">\n\t\t\t\t\t<div class=\"e-gallery-image elementor-gallery-item__image\" data-thumbnail=\"https:\/\/tribulossi.cat\/wp-content\/uploads\/2023\/12\/homenatge-03062023-_MGL8428-300x207.jpg\" data-width=\"300\" data-height=\"207\" aria-label=\"\" role=\"img\" ><\/div>\n\t\t\t\t\t\t\t\t\t\t\t<div class=\"elementor-gallery-item__overlay\"><\/div>\n\t\t\t\t\t\t\t\t\t\t\t\t\t\t<\/a>\n\t\t\t\t\t\t\t<a class=\"e-gallery-item elementor-gallery-item elementor-animated-content\" href=\"https:\/\/tribulossi.cat\/wp-content\/uploads\/2023\/12\/homenatge-03062023-_MGL8421.jpg\" data-elementor-open-lightbox=\"yes\" data-elementor-lightbox-slideshow=\"4ecfb65\" data-elementor-lightbox-title=\"homenatge 03062023-_MGL8421\" data-e-action-hash=\"#elementor-action%3Aaction%3Dlightbox%26settings%3DeyJpZCI6MzEzLCJ1cmwiOiJodHRwczpcL1wvdHJpYnVsb3NzaS5jYXRcL3dwLWNvbnRlbnRcL3VwbG9hZHNcLzIwMjNcLzEyXC9ob21lbmF0Z2UtMDMwNjIwMjMtX01HTDg0MjEuanBnIiwic2xpZGVzaG93IjoiNGVjZmI2NSJ9\">\n\t\t\t\t\t<div class=\"e-gallery-image elementor-gallery-item__image\" data-thumbnail=\"https:\/\/tribulossi.cat\/wp-content\/uploads\/2023\/12\/homenatge-03062023-_MGL8421-200x300.jpg\" data-width=\"200\" data-height=\"300\" aria-label=\"\" role=\"img\" ><\/div>\n\t\t\t\t\t\t\t\t\t\t\t<div class=\"elementor-gallery-item__overlay\"><\/div>\n\t\t\t\t\t\t\t\t\t\t\t\t\t\t<\/a>\n\t\t\t\t\t\t\t<a class=\"e-gallery-item elementor-gallery-item elementor-animated-content\" href=\"https:\/\/tribulossi.cat\/wp-content\/uploads\/2023\/12\/homenatge-03062023-_MG_6644.jpg\" data-elementor-open-lightbox=\"yes\" data-elementor-lightbox-slideshow=\"4ecfb65\" data-elementor-lightbox-title=\"homenatge 03062023-_MG_6644\" data-e-action-hash=\"#elementor-action%3Aaction%3Dlightbox%26settings%3DeyJpZCI6Mjk5LCJ1cmwiOiJodHRwczpcL1wvdHJpYnVsb3NzaS5jYXRcL3dwLWNvbnRlbnRcL3VwbG9hZHNcLzIwMjNcLzEyXC9ob21lbmF0Z2UtMDMwNjIwMjMtX01HXzY2NDQuanBnIiwic2xpZGVzaG93IjoiNGVjZmI2NSJ9\">\n\t\t\t\t\t<div class=\"e-gallery-image elementor-gallery-item__image\" data-thumbnail=\"https:\/\/tribulossi.cat\/wp-content\/uploads\/2023\/12\/homenatge-03062023-_MG_6644-300x200.jpg\" data-width=\"300\" data-height=\"200\" aria-label=\"\" role=\"img\" ><\/div>\n\t\t\t\t\t\t\t\t\t\t\t<div class=\"elementor-gallery-item__overlay\"><\/div>\n\t\t\t\t\t\t\t\t\t\t\t\t\t\t<\/a>\n\t\t\t\t\t\t\t<a class=\"e-gallery-item elementor-gallery-item elementor-animated-content\" href=\"https:\/\/tribulossi.cat\/wp-content\/uploads\/2023\/12\/homenatge-03062023-_MG_6601.jpg\" data-elementor-open-lightbox=\"yes\" data-elementor-lightbox-slideshow=\"4ecfb65\" data-elementor-lightbox-title=\"homenatge 03062023-_MG_6601\" data-e-action-hash=\"#elementor-action%3Aaction%3Dlightbox%26settings%3DeyJpZCI6MjkwLCJ1cmwiOiJodHRwczpcL1wvdHJpYnVsb3NzaS5jYXRcL3dwLWNvbnRlbnRcL3VwbG9hZHNcLzIwMjNcLzEyXC9ob21lbmF0Z2UtMDMwNjIwMjMtX01HXzY2MDEuanBnIiwic2xpZGVzaG93IjoiNGVjZmI2NSJ9\">\n\t\t\t\t\t<div class=\"e-gallery-image elementor-gallery-item__image\" data-thumbnail=\"https:\/\/tribulossi.cat\/wp-content\/uploads\/2023\/12\/homenatge-03062023-_MG_6601-300x200.jpg\" data-width=\"300\" data-height=\"200\" aria-label=\"\" role=\"img\" ><\/div>\n\t\t\t\t\t\t\t\t\t\t\t<div class=\"elementor-gallery-item__overlay\"><\/div>\n\t\t\t\t\t\t\t\t\t\t\t\t\t\t<\/a>\n\t\t\t\t\t\t\t<a class=\"e-gallery-item elementor-gallery-item elementor-animated-content\" href=\"https:\/\/tribulossi.cat\/wp-content\/uploads\/2023\/12\/homenatge-03062023-_MG_6581.jpg\" data-elementor-open-lightbox=\"yes\" data-elementor-lightbox-slideshow=\"4ecfb65\" data-elementor-lightbox-title=\"homenatge 03062023-_MG_6581\" data-e-action-hash=\"#elementor-action%3Aaction%3Dlightbox%26settings%3DeyJpZCI6Mjg3LCJ1cmwiOiJodHRwczpcL1wvdHJpYnVsb3NzaS5jYXRcL3dwLWNvbnRlbnRcL3VwbG9hZHNcLzIwMjNcLzEyXC9ob21lbmF0Z2UtMDMwNjIwMjMtX01HXzY1ODEuanBnIiwic2xpZGVzaG93IjoiNGVjZmI2NSJ9\">\n\t\t\t\t\t<div class=\"e-gallery-image elementor-gallery-item__image\" data-thumbnail=\"https:\/\/tribulossi.cat\/wp-content\/uploads\/2023\/12\/homenatge-03062023-_MG_6581-300x200.jpg\" data-width=\"300\" data-height=\"200\" aria-label=\"\" role=\"img\" ><\/div>\n\t\t\t\t\t\t\t\t\t\t\t<div class=\"elementor-gallery-item__overlay\"><\/div>\n\t\t\t\t\t\t\t\t\t\t\t\t\t\t<\/a>\n\t\t\t\t\t\t\t<a class=\"e-gallery-item elementor-gallery-item elementor-animated-content\" href=\"https:\/\/tribulossi.cat\/wp-content\/uploads\/2023\/12\/homenatge-03062023-_MG_6556.jpg\" data-elementor-open-lightbox=\"yes\" data-elementor-lightbox-slideshow=\"4ecfb65\" data-elementor-lightbox-title=\"homenatge 03062023-_MG_6556\" data-e-action-hash=\"#elementor-action%3Aaction%3Dlightbox%26settings%3DeyJpZCI6MjgyLCJ1cmwiOiJodHRwczpcL1wvdHJpYnVsb3NzaS5jYXRcL3dwLWNvbnRlbnRcL3VwbG9hZHNcLzIwMjNcLzEyXC9ob21lbmF0Z2UtMDMwNjIwMjMtX01HXzY1NTYuanBnIiwic2xpZGVzaG93IjoiNGVjZmI2NSJ9\">\n\t\t\t\t\t<div class=\"e-gallery-image elementor-gallery-item__image\" data-thumbnail=\"https:\/\/tribulossi.cat\/wp-content\/uploads\/2023\/12\/homenatge-03062023-_MG_6556-300x189.jpg\" data-width=\"300\" data-height=\"189\" aria-label=\"\" role=\"img\" ><\/div>\n\t\t\t\t\t\t\t\t\t\t\t<div class=\"elementor-gallery-item__overlay\"><\/div>\n\t\t\t\t\t\t\t\t\t\t\t\t\t\t<\/a>\n\t\t\t\t\t<\/div>\n\t\t\t\t\t<\/div>\n\t\t\t\t<\/div>\n\t\t\t\t\t<\/div>\n\t\t\t\t<\/div>\n\t\t\t\t<\/div>\n\t\t","protected":false},"excerpt":{"rendered":"<p>Concepci\u00f3n Gonz\u00e1lez Maluquer, poeta, narradora y novelista, nace en Sal\u00e0s de Pallars, en el Pallars Juss\u00e0, en 1914. Sigue los estudios de magisterio y completa la formaci\u00f3n en la Escuela [&hellip;]<\/p>\n","protected":false},"author":1,"featured_media":0,"parent":748,"menu_order":0,"comment_status":"closed","ping_status":"closed","template":"elementor_header_footer","meta":{"_acf_changed":false,"footnotes":""},"class_list":["post-750","page","type-page","status-publish","hentry"],"acf":[],"yoast_head":"<!-- This site is optimized with the Yoast SEO plugin v24.5 - https:\/\/yoast.com\/wordpress\/plugins\/seo\/ -->\n<title>Concepci\u00f3n Maluquer (Edici\u00f3n 2023) - Festival Tribulossi<\/title>\n<meta name=\"description\" content=\"Concepci\u00f3n Gonz\u00e1lez Maluquer, poeta, narradora y novelista, nace en Sal\u00e0s de Pallars, en el Pallars Juss\u00e0, en 1914.\" \/>\n<meta name=\"robots\" content=\"index, follow, max-snippet:-1, max-image-preview:large, max-video-preview:-1\" \/>\n<link rel=\"canonical\" href=\"https:\/\/tribulossi.cat\/es\/poetas-homenajeados\/concepcion-maluquer-edicion-2023\/\" \/>\n<meta property=\"og:locale\" content=\"es_ES\" \/>\n<meta property=\"og:type\" content=\"article\" \/>\n<meta property=\"og:title\" content=\"Concepci\u00f3n Maluquer (Edici\u00f3n 2023) - Festival Tribulossi\" \/>\n<meta property=\"og:description\" content=\"Concepci\u00f3n Gonz\u00e1lez Maluquer, poeta, narradora y novelista, nace en Sal\u00e0s de Pallars, en el Pallars Juss\u00e0, en 1914.\" \/>\n<meta property=\"og:url\" content=\"https:\/\/tribulossi.cat\/es\/poetas-homenajeados\/concepcion-maluquer-edicion-2023\/\" \/>\n<meta property=\"og:site_name\" content=\"Festival Tribulossi\" \/>\n<meta property=\"article:modified_time\" content=\"2025-02-26T16:21:18+00:00\" \/>\n<meta property=\"og:image\" content=\"https:\/\/tribulossi.cat\/wp-content\/uploads\/2023\/11\/Logo-tribulossi.png\" \/>\n\t<meta property=\"og:image:width\" content=\"1787\" \/>\n\t<meta property=\"og:image:height\" content=\"1146\" \/>\n\t<meta property=\"og:image:type\" content=\"image\/png\" \/>\n<meta name=\"twitter:card\" content=\"summary_large_image\" \/>\n<meta name=\"twitter:label1\" content=\"Tiempo de lectura\" \/>\n\t<meta name=\"twitter:data1\" content=\"2 minutos\" \/>\n<script type=\"application\/ld+json\" class=\"yoast-schema-graph\">{\"@context\":\"https:\/\/schema.org\",\"@graph\":[{\"@type\":\"WebPage\",\"@id\":\"https:\/\/tribulossi.cat\/es\/poetas-homenajeados\/concepcion-maluquer-edicion-2023\/\",\"url\":\"https:\/\/tribulossi.cat\/es\/poetas-homenajeados\/concepcion-maluquer-edicion-2023\/\",\"name\":\"Concepci\u00f3n Maluquer (Edici\u00f3n 2023) - Festival Tribulossi\",\"isPartOf\":{\"@id\":\"https:\/\/tribulossi.cat\/es\/#website\"},\"datePublished\":\"2023-12-06T10:25:30+00:00\",\"dateModified\":\"2025-02-26T16:21:18+00:00\",\"description\":\"Concepci\u00f3n Gonz\u00e1lez Maluquer, poeta, narradora y novelista, nace en Sal\u00e0s de Pallars, en el Pallars Juss\u00e0, en 1914.\",\"breadcrumb\":{\"@id\":\"https:\/\/tribulossi.cat\/es\/poetas-homenajeados\/concepcion-maluquer-edicion-2023\/#breadcrumb\"},\"inLanguage\":\"es\",\"potentialAction\":[{\"@type\":\"ReadAction\",\"target\":[\"https:\/\/tribulossi.cat\/es\/poetas-homenajeados\/concepcion-maluquer-edicion-2023\/\"]}]},{\"@type\":\"BreadcrumbList\",\"@id\":\"https:\/\/tribulossi.cat\/es\/poetas-homenajeados\/concepcion-maluquer-edicion-2023\/#breadcrumb\",\"itemListElement\":[{\"@type\":\"ListItem\",\"position\":1,\"name\":\"Inici\",\"item\":\"https:\/\/tribulossi.cat\/es\/presentacion\/\"},{\"@type\":\"ListItem\",\"position\":2,\"name\":\"Poetas homenajeados\",\"item\":\"https:\/\/tribulossi.cat\/es\/poetas-homenajeados\/\"},{\"@type\":\"ListItem\",\"position\":3,\"name\":\"Concepci\u00f3n Maluquer (Edici\u00f3n 2023)\"}]},{\"@type\":\"WebSite\",\"@id\":\"https:\/\/tribulossi.cat\/es\/#website\",\"url\":\"https:\/\/tribulossi.cat\/es\/\",\"name\":\"Festival Tribulossi\",\"description\":\"Festival po\u00e8tic de les arts\",\"publisher\":{\"@id\":\"https:\/\/tribulossi.cat\/es\/#organization\"},\"potentialAction\":[{\"@type\":\"SearchAction\",\"target\":{\"@type\":\"EntryPoint\",\"urlTemplate\":\"https:\/\/tribulossi.cat\/es\/?s={search_term_string}\"},\"query-input\":{\"@type\":\"PropertyValueSpecification\",\"valueRequired\":true,\"valueName\":\"search_term_string\"}}],\"inLanguage\":\"es\"},{\"@type\":\"Organization\",\"@id\":\"https:\/\/tribulossi.cat\/es\/#organization\",\"name\":\"Festival Tribulossi\",\"url\":\"https:\/\/tribulossi.cat\/es\/\",\"logo\":{\"@type\":\"ImageObject\",\"inLanguage\":\"es\",\"@id\":\"https:\/\/tribulossi.cat\/es\/#\/schema\/logo\/image\/\",\"url\":\"https:\/\/tribulossi.cat\/wp-content\/uploads\/2023\/11\/logo-tribulossi.svg\",\"contentUrl\":\"https:\/\/tribulossi.cat\/wp-content\/uploads\/2023\/11\/logo-tribulossi.svg\",\"caption\":\"Festival Tribulossi\"},\"image\":{\"@id\":\"https:\/\/tribulossi.cat\/es\/#\/schema\/logo\/image\/\"}}]}<\/script>\n<!-- \/ Yoast SEO plugin. -->","yoast_head_json":{"title":"Concepci\u00f3n Maluquer (Edici\u00f3n 2023) - Festival Tribulossi","description":"Concepci\u00f3n Gonz\u00e1lez Maluquer, poeta, narradora y novelista, nace en Sal\u00e0s de Pallars, en el Pallars Juss\u00e0, en 1914.","robots":{"index":"index","follow":"follow","max-snippet":"max-snippet:-1","max-image-preview":"max-image-preview:large","max-video-preview":"max-video-preview:-1"},"canonical":"https:\/\/tribulossi.cat\/es\/poetas-homenajeados\/concepcion-maluquer-edicion-2023\/","og_locale":"es_ES","og_type":"article","og_title":"Concepci\u00f3n Maluquer (Edici\u00f3n 2023) - Festival Tribulossi","og_description":"Concepci\u00f3n Gonz\u00e1lez Maluquer, poeta, narradora y novelista, nace en Sal\u00e0s de Pallars, en el Pallars Juss\u00e0, en 1914.","og_url":"https:\/\/tribulossi.cat\/es\/poetas-homenajeados\/concepcion-maluquer-edicion-2023\/","og_site_name":"Festival Tribulossi","article_modified_time":"2025-02-26T16:21:18+00:00","og_image":[{"width":1787,"height":1146,"url":"https:\/\/tribulossi.cat\/wp-content\/uploads\/2023\/11\/Logo-tribulossi.png","type":"image\/png"}],"twitter_card":"summary_large_image","twitter_misc":{"Tiempo de lectura":"2 minutos"},"schema":{"@context":"https:\/\/schema.org","@graph":[{"@type":"WebPage","@id":"https:\/\/tribulossi.cat\/es\/poetas-homenajeados\/concepcion-maluquer-edicion-2023\/","url":"https:\/\/tribulossi.cat\/es\/poetas-homenajeados\/concepcion-maluquer-edicion-2023\/","name":"Concepci\u00f3n Maluquer (Edici\u00f3n 2023) - Festival Tribulossi","isPartOf":{"@id":"https:\/\/tribulossi.cat\/es\/#website"},"datePublished":"2023-12-06T10:25:30+00:00","dateModified":"2025-02-26T16:21:18+00:00","description":"Concepci\u00f3n Gonz\u00e1lez Maluquer, poeta, narradora y novelista, nace en Sal\u00e0s de Pallars, en el Pallars Juss\u00e0, en 1914.","breadcrumb":{"@id":"https:\/\/tribulossi.cat\/es\/poetas-homenajeados\/concepcion-maluquer-edicion-2023\/#breadcrumb"},"inLanguage":"es","potentialAction":[{"@type":"ReadAction","target":["https:\/\/tribulossi.cat\/es\/poetas-homenajeados\/concepcion-maluquer-edicion-2023\/"]}]},{"@type":"BreadcrumbList","@id":"https:\/\/tribulossi.cat\/es\/poetas-homenajeados\/concepcion-maluquer-edicion-2023\/#breadcrumb","itemListElement":[{"@type":"ListItem","position":1,"name":"Inici","item":"https:\/\/tribulossi.cat\/es\/presentacion\/"},{"@type":"ListItem","position":2,"name":"Poetas homenajeados","item":"https:\/\/tribulossi.cat\/es\/poetas-homenajeados\/"},{"@type":"ListItem","position":3,"name":"Concepci\u00f3n Maluquer (Edici\u00f3n 2023)"}]},{"@type":"WebSite","@id":"https:\/\/tribulossi.cat\/es\/#website","url":"https:\/\/tribulossi.cat\/es\/","name":"Festival Tribulossi","description":"Festival po\u00e8tic de les arts","publisher":{"@id":"https:\/\/tribulossi.cat\/es\/#organization"},"potentialAction":[{"@type":"SearchAction","target":{"@type":"EntryPoint","urlTemplate":"https:\/\/tribulossi.cat\/es\/?s={search_term_string}"},"query-input":{"@type":"PropertyValueSpecification","valueRequired":true,"valueName":"search_term_string"}}],"inLanguage":"es"},{"@type":"Organization","@id":"https:\/\/tribulossi.cat\/es\/#organization","name":"Festival Tribulossi","url":"https:\/\/tribulossi.cat\/es\/","logo":{"@type":"ImageObject","inLanguage":"es","@id":"https:\/\/tribulossi.cat\/es\/#\/schema\/logo\/image\/","url":"https:\/\/tribulossi.cat\/wp-content\/uploads\/2023\/11\/logo-tribulossi.svg","contentUrl":"https:\/\/tribulossi.cat\/wp-content\/uploads\/2023\/11\/logo-tribulossi.svg","caption":"Festival Tribulossi"},"image":{"@id":"https:\/\/tribulossi.cat\/es\/#\/schema\/logo\/image\/"}}]}},"_links":{"self":[{"href":"https:\/\/tribulossi.cat\/es\/wp-json\/wp\/v2\/pages\/750","targetHints":{"allow":["GET"]}}],"collection":[{"href":"https:\/\/tribulossi.cat\/es\/wp-json\/wp\/v2\/pages"}],"about":[{"href":"https:\/\/tribulossi.cat\/es\/wp-json\/wp\/v2\/types\/page"}],"author":[{"embeddable":true,"href":"https:\/\/tribulossi.cat\/es\/wp-json\/wp\/v2\/users\/1"}],"replies":[{"embeddable":true,"href":"https:\/\/tribulossi.cat\/es\/wp-json\/wp\/v2\/comments?post=750"}],"version-history":[{"count":3,"href":"https:\/\/tribulossi.cat\/es\/wp-json\/wp\/v2\/pages\/750\/revisions"}],"predecessor-version":[{"id":1070,"href":"https:\/\/tribulossi.cat\/es\/wp-json\/wp\/v2\/pages\/750\/revisions\/1070"}],"up":[{"embeddable":true,"href":"https:\/\/tribulossi.cat\/es\/wp-json\/wp\/v2\/pages\/748"}],"wp:attachment":[{"href":"https:\/\/tribulossi.cat\/es\/wp-json\/wp\/v2\/media?parent=750"}],"curies":[{"name":"wp","href":"https:\/\/api.w.org\/{rel}","templated":true}]}}